{"id":6252,"date":"2022-12-23T13:06:34","date_gmt":"2022-12-23T12:06:34","guid":{"rendered":"https:\/\/www.ascensors-soler.cat\/project\/altafulla-instal%c2%b7lacio-delevador-cabinat-oleodinamic-panoramic\/"},"modified":"2022-12-28T16:31:23","modified_gmt":"2022-12-28T15:31:23","slug":"altafulla-instalacion-elevador-cabinado-oleodinamico-panoramico","status":"publish","type":"project","link":"https:\/\/www.ascensors-soler.cat\/es\/project\/altafulla-instalacion-elevador-cabinado-oleodinamico-panoramico\/","title":{"rendered":"Altafulla &#8211; Instalaci\u00f3n de elevador cabinado oleodin\u00e1mico panor\u00e1mico"},"content":{"rendered":"<p>[et_pb_section fb_built=\u00bb1&#8243; _builder_version=\u00bb4.16&#8243; background_color=\u00bb#f4f4f4&#8243; global_colors_info=\u00bb{}\u00bb][et_pb_row column_structure=\u00bb1_2,1_2&#8243; _builder_version=\u00bb4.16&#8243; background_size=\u00bbinitial\u00bb background_position=\u00bbtop_left\u00bb background_repeat=\u00bbrepeat\u00bb global_colors_info=\u00bb{}\u00bb][et_pb_column type=\u00bb1_2&#8243; _builder_version=\u00bb4.16&#8243; custom_padding=\u00bb|||\u00bb global_colors_info=\u00bb{}\u00bb custom_padding__hover=\u00bb|||\u00bb][et_pb_text _builder_version=\u00bb4.19.4&#8243; header_font=\u00bb|300|||||||\u00bb header_font_size=\u00bb28px\u00bb header_line_height=\u00bb1.1em\u00bb border_width_bottom=\u00bb2px\u00bb global_colors_info=\u00bb{}\u00bb]<\/p>\n<h1 class=\"titulo_pagina\"><strong>ALTAFULLA<\/strong><br \/>Instalaci\u00f3n de elevador cabinado oleodin\u00e1mico panor\u00e1mico<\/h1>\n<p>[\/et_pb_text][et_pb_text _builder_version=\u00bb4.19.4&#8243; text_font_size=\u00bb18px\u00bb global_colors_info=\u00bb{}\u00bb]<\/p>\n<div class=\"info_pagina\">\n<div class=\"intro\">\n<div class=\"info_pagina\">\n<p><strong>Rehabilitaci\u00f3n<\/strong> de una vivienda unifamiliar en <strong>Altafulla (Tarragona)<\/strong> que no dispon\u00eda de ascensor.<\/p>\n<p>Se trata de un <strong>elevador cabinado oleodin\u00e1mico y panor\u00e1mico<\/strong>.<\/p>\n<p>El <strong>ascensor<\/strong> es de 3 paradas, con cerramiento de cristal preparado para la intemperie y <strong>adosado<\/strong> a la casa.<\/p>\n<\/div>\n<\/div>\n<\/div>\n<p>[\/et_pb_text][\/et_pb_column][et_pb_column type=\u00bb1_2&#8243; _builder_version=\u00bb4.16&#8243; custom_padding=\u00bb|||\u00bb global_colors_info=\u00bb{}\u00bb custom_padding__hover=\u00bb|||\u00bb][et_pb_map_extended address=\u00bbAltafulla, Tarragona, Espa\u00f1a\u00bb zoom_level=\u00bb13&#8243; address_lat=\u00bb41.1408587&#8243; address_lng=\u00bb1.3776889&#8243; map_type_control_style=\u00bbDROPDOWN_MENU\u00bb marker_center=\u00bboff\u00bb bounce_on_click_on_off=\u00bbon\u00bb marker_animation=\u00bbon\u00bb map_options=\u00bb4&#8243; map_height=\u00bb315px\u00bb map_height_tablet=\u00bb600&#8243; admin_label=\u00bbAltafulla\u00bb _builder_version=\u00bb4.19.4&#8243; text_orientation=\u00bbleft\u00bb border_width_all=\u00bb1px\u00bb global_colors_info=\u00bb{}\u00bb][et_pb_map_pin_extended title=\u00bbAltafulla\u00bb pin_address=\u00bbAltafulla, Tarragona, Espa\u00f1a\u00bb zoom_level=\u00bb14&#8243; pin_address_lat=\u00bb41.1408587&#8243; pin_address_lng=\u00bb1.3776889&#8243; pin_fill_color=\u00bb#7c5d2e\u00bb pin_circle_color=\u00bb#ffffff\u00bb pin_on_off=\u00bboff\u00bb _builder_version=\u00bb4.19.4&#8243; global_colors_info=\u00bb{}\u00bb][\/et_pb_map_pin_extended][\/et_pb_map_extended][\/et_pb_column][\/et_pb_row][et_pb_row _builder_version=\u00bb4.16&#8243; background_size=\u00bbinitial\u00bb background_position=\u00bbtop_left\u00bb background_repeat=\u00bbrepeat\u00bb global_colors_info=\u00bb{}\u00bb][et_pb_column type=\u00bb4_4&#8243; _builder_version=\u00bb4.16&#8243; custom_padding=\u00bb|||\u00bb global_colors_info=\u00bb{}\u00bb custom_padding__hover=\u00bb|||\u00bb][et_pb_text _builder_version=\u00bb4.16&#8243; header_font=\u00bb|700|||||||\u00bb header_font_size=\u00bb28px\u00bb header_2_font_size=\u00bb22px\u00bb border_width_bottom=\u00bb2px\u00bb global_colors_info=\u00bb{}\u00bb]<\/p>\n<h2 class=\"titulo_pagina\"><strong>Galeria d&#8217;imatges<\/strong><\/h2>\n<p>[\/et_pb_text][et_pb_gallery gallery_ids=\u00bb6230,6226,6228,6234,6232,6238,6236&#8243; posts_number=\u00bb15&#8243; show_title_and_caption=\u00bboff\u00bb _builder_version=\u00bb4.19.4&#8243; global_colors_info=\u00bb{}\u00bb][\/et_pb_gallery][\/et_pb_column][\/et_pb_row][\/et_pb_section]<\/p>\n","protected":false},"excerpt":{"rendered":"<p>ALTAFULLAInstalaci\u00f3n de elevador cabinado oleodin\u00e1mico panor\u00e1mico Rehabilitaci\u00f3n de una vivienda unifamiliar en Altafulla (Tarragona) que no dispon\u00eda de ascensor. Se trata de un elevador cabinado oleodin\u00e1mico y panor\u00e1mico. El ascensor es de 3 paradas, con cerramiento de cristal preparado para la intemperie y adosado a la casa. Galeria d&#8217;imatges<\/p>\n","protected":false},"author":1,"featured_media":6231,"comment_status":"open","ping_status":"closed","template":"","meta":{"_et_pb_use_builder":"on","_et_pb_old_content":"","_et_gb_content_width":"","footnotes":""},"project_category":[63,102,99],"project_tag":[],"class_list":["post-6252","project","type-project","status-publish","has-post-thumbnail","hentry","project_category-ascensores","project_category-elevadores-cabinados-oleodinamicos","project_category-rehabilitaciones"],"_links":{"self":[{"href":"https:\/\/www.ascensors-soler.cat\/es\/wp-json\/wp\/v2\/project\/6252","targetHints":{"allow":["GET"]}}],"collection":[{"href":"https:\/\/www.ascensors-soler.cat\/es\/wp-json\/wp\/v2\/project"}],"about":[{"href":"https:\/\/www.ascensors-soler.cat\/es\/wp-json\/wp\/v2\/types\/project"}],"author":[{"embeddable":true,"href":"https:\/\/www.ascensors-soler.cat\/es\/wp-json\/wp\/v2\/users\/1"}],"replies":[{"embeddable":true,"href":"https:\/\/www.ascensors-soler.cat\/es\/wp-json\/wp\/v2\/comments?post=6252"}],"version-history":[{"count":0,"href":"https:\/\/www.ascensors-soler.cat\/es\/wp-json\/wp\/v2\/project\/6252\/revisions"}],"wp:featuredmedia":[{"embeddable":true,"href":"https:\/\/www.ascensors-soler.cat\/es\/wp-json\/wp\/v2\/media\/6231"}],"wp:attachment":[{"href":"https:\/\/www.ascensors-soler.cat\/es\/wp-json\/wp\/v2\/media?parent=6252"}],"wp:term":[{"taxonomy":"project_category","embeddable":true,"href":"https:\/\/www.ascensors-soler.cat\/es\/wp-json\/wp\/v2\/project_category?post=6252"},{"taxonomy":"project_tag","embeddable":true,"href":"https:\/\/www.ascensors-soler.cat\/es\/wp-json\/wp\/v2\/project_tag?post=6252"}],"curies":[{"name":"wp","href":"https:\/\/api.w.org\/{rel}","templated":true}]}}