{"id":4966,"date":"2019-01-15T20:37:29","date_gmt":"2019-01-15T19:37:29","guid":{"rendered":"https:\/\/www.ascensors-soler.cat\/project\/barcelona-conexio-urbana-amilcar-grau\/"},"modified":"2023-11-07T11:54:00","modified_gmt":"2023-11-07T10:54:00","slug":"barcelona-ascensor-panoramico-turo-de-la-peira","status":"publish","type":"project","link":"https:\/\/www.ascensors-soler.cat\/es\/project\/barcelona-ascensor-panoramico-turo-de-la-peira\/","title":{"rendered":"Barcelona &#8211; Ascensor panor\u00e1mico urbano en el Tur\u00f3 de la Peira"},"content":{"rendered":"<p>[et_pb_section fb_built=\u00bb1&#8243; _builder_version=\u00bb4.16&#8243; background_color=\u00bb#f4f4f4&#8243; global_colors_info=\u00bb{}\u00bb][et_pb_row column_structure=\u00bb1_2,1_2&#8243; _builder_version=\u00bb4.16&#8243; background_size=\u00bbinitial\u00bb background_position=\u00bbtop_left\u00bb background_repeat=\u00bbrepeat\u00bb global_colors_info=\u00bb{}\u00bb][et_pb_column type=\u00bb1_2&#8243; _builder_version=\u00bb4.16&#8243; custom_padding=\u00bb|||\u00bb global_colors_info=\u00bb{}\u00bb custom_padding__hover=\u00bb|||\u00bb][et_pb_text _builder_version=\u00bb4.22.2&#8243; header_font=\u00bb|300|||||||\u00bb header_font_size=\u00bb28px\u00bb header_line_height=\u00bb1.1em\u00bb hover_enabled=\u00bb0&#8243; border_width_bottom=\u00bb2px\u00bb global_colors_info=\u00bb{}\u00bb sticky_enabled=\u00bb0&#8243;]<\/p>\n<h1 class=\"titulo_pagina\"><strong>BARCELONA<br \/><\/strong>Ascensor panor\u00e1mico urbano en el Tur\u00f3 de la Peira<\/h1>\n<p>[\/et_pb_text][et_pb_text _builder_version=\u00bb4.22.2&#8243; text_font_size=\u00bb18px\u00bb global_colors_info=\u00bb{}\u00bb]<\/p>\n<div class=\"info_pagina\">\n<div class=\"intro\">\n<p><strong>Instalaci\u00f3n<\/strong> de un <strong>ascensor panor\u00e1mico urbano<\/strong> de 2 paradas, 900 kg, en 2009, para salvar un desnivel entre calles en el Tur\u00f3 de la Peira.<\/p>\n<\/div>\n<\/div>\n<p>[\/et_pb_text][\/et_pb_column][et_pb_column type=\u00bb1_2&#8243; _builder_version=\u00bb4.16&#8243; custom_padding=\u00bb|||\u00bb global_colors_info=\u00bb{}\u00bb custom_padding__hover=\u00bb|||\u00bb][et_pb_map_extended address=\u00bbPassatge de Grau, 18, 08031 Barcelona, Espa\u00f1a\u00bb zoom_level=\u00bb16&#8243; address_lat=\u00bb41.4311635&#8243; address_lng=\u00bb2.172032800000011&#8243; map_type_control_style=\u00bbDROPDOWN_MENU\u00bb marker_center=\u00bboff\u00bb bounce_on_click_on_off=\u00bboff\u00bb marker_animation=\u00bbon\u00bb map_options=\u00bb4&#8243; map_height=\u00bb315px\u00bb map_height_tablet=\u00bb600&#8243; admin_label=\u00bbPassatge de Grau, 18, 08031 Barcelona, Espa\u00f1a\u00bb _builder_version=\u00bb4.22.2&#8243; text_orientation=\u00bbleft\u00bb border_width_all=\u00bb1px\u00bb global_colors_info=\u00bb{}\u00bb][et_pb_map_pin_extended title=\u00bbAscensor panor\u00e1mico urbano en el Tur\u00f3 de la Peira\u00bb pin_address=\u00bbPassatge de Grau, 18, 08031 Barcelona, Espa\u00f1a\u00bb pin_address_lat=\u00bb41.4311421349875&#8243; pin_address_lng=\u00bb2.1719827116046417&#8243; pin_fill_color=\u00bb#7c5d2e\u00bb pin_circle_color=\u00bb#ffffff\u00bb pin_on_off=\u00bboff\u00bb _builder_version=\u00bb4.22.2&#8243; global_colors_info=\u00bb{}\u00bb][\/et_pb_map_pin_extended][\/et_pb_map_extended][\/et_pb_column][\/et_pb_row][et_pb_row _builder_version=\u00bb4.16&#8243; background_size=\u00bbinitial\u00bb background_position=\u00bbtop_left\u00bb background_repeat=\u00bbrepeat\u00bb global_colors_info=\u00bb{}\u00bb][et_pb_column type=\u00bb4_4&#8243; _builder_version=\u00bb4.16&#8243; custom_padding=\u00bb|||\u00bb global_colors_info=\u00bb{}\u00bb custom_padding__hover=\u00bb|||\u00bb][et_pb_text _builder_version=\u00bb4.16&#8243; header_font=\u00bb|700|||||||\u00bb header_font_size=\u00bb28px\u00bb header_2_font_size=\u00bb22px\u00bb border_width_bottom=\u00bb2px\u00bb global_colors_info=\u00bb{}\u00bb]<\/p>\n<h2 class=\"titulo_pagina\"><strong>Galer\u00eda de im\u00e1genes<\/strong><\/h2>\n<p>[\/et_pb_text][et_pb_gallery gallery_ids=\u00bb4201,4202,4203&#8243; posts_number=\u00bb15&#8243; show_title_and_caption=\u00bboff\u00bb _builder_version=\u00bb4.16&#8243; global_colors_info=\u00bb{}\u00bb]<br \/>\n[\/et_pb_gallery][\/et_pb_column][\/et_pb_row][\/et_pb_section]<\/p>\n","protected":false},"excerpt":{"rendered":"<p>BARCELONAAscensor panor\u00e1mico urbano en el Tur\u00f3 de la Peira Instalaci\u00f3n de un ascensor panor\u00e1mico urbano de 2 paradas, 900 kg, en 2009, para salvar un desnivel entre calles en el Tur\u00f3 de la Peira. Galer\u00eda de im\u00e1genes<\/p>\n","protected":false},"author":1,"featured_media":4968,"comment_status":"open","ping_status":"closed","template":"","meta":{"_et_pb_use_builder":"on","_et_pb_old_content":"","_et_gb_content_width":"","footnotes":""},"project_category":[63,65],"project_tag":[],"class_list":["post-4966","project","type-project","status-publish","has-post-thumbnail","hentry","project_category-ascensores","project_category-ascensores-electricos-sin-cuarto-de-maquinaria"],"_links":{"self":[{"href":"https:\/\/www.ascensors-soler.cat\/es\/wp-json\/wp\/v2\/project\/4966","targetHints":{"allow":["GET"]}}],"collection":[{"href":"https:\/\/www.ascensors-soler.cat\/es\/wp-json\/wp\/v2\/project"}],"about":[{"href":"https:\/\/www.ascensors-soler.cat\/es\/wp-json\/wp\/v2\/types\/project"}],"author":[{"embeddable":true,"href":"https:\/\/www.ascensors-soler.cat\/es\/wp-json\/wp\/v2\/users\/1"}],"replies":[{"embeddable":true,"href":"https:\/\/www.ascensors-soler.cat\/es\/wp-json\/wp\/v2\/comments?post=4966"}],"version-history":[{"count":4,"href":"https:\/\/www.ascensors-soler.cat\/es\/wp-json\/wp\/v2\/project\/4966\/revisions"}],"predecessor-version":[{"id":6842,"href":"https:\/\/www.ascensors-soler.cat\/es\/wp-json\/wp\/v2\/project\/4966\/revisions\/6842"}],"wp:featuredmedia":[{"embeddable":true,"href":"https:\/\/www.ascensors-soler.cat\/es\/wp-json\/wp\/v2\/media\/4968"}],"wp:attachment":[{"href":"https:\/\/www.ascensors-soler.cat\/es\/wp-json\/wp\/v2\/media?parent=4966"}],"wp:term":[{"taxonomy":"project_category","embeddable":true,"href":"https:\/\/www.ascensors-soler.cat\/es\/wp-json\/wp\/v2\/project_category?post=4966"},{"taxonomy":"project_tag","embeddable":true,"href":"https:\/\/www.ascensors-soler.cat\/es\/wp-json\/wp\/v2\/project_tag?post=4966"}],"curies":[{"name":"wp","href":"https:\/\/api.w.org\/{rel}","templated":true}]}}